{"id":939,"date":"2025-01-26T20:44:28","date_gmt":"2025-01-26T20:44:28","guid":{"rendered":"https:\/\/lesnuageux.org\/?page_id=939"},"modified":"2025-07-29T12:44:45","modified_gmt":"2025-07-29T12:44:45","slug":"la-couverture-a-des-rides","status":"publish","type":"page","link":"https:\/\/lesnuageux.org\/index.php\/la-couverture-a-des-rides\/","title":{"rendered":"La couverture a des rides"},"content":{"rendered":"\t\t<div data-elementor-type=\"wp-page\" data-elementor-id=\"939\" class=\"elementor elementor-939\">\n\t\t\t\t\t\t<section class=\"elementor-section elementor-top-section elementor-element elementor-element-c3c32d3 elementor-section-boxed elementor-section-height-default elementor-section-height-default qodef-elementor-content-no\" data-id=\"c3c32d3\" data-element_type=\"section\">\n\t\t\t\t\t\t<div class=\"elementor-container elementor-column-gap-default\">\n\t\t\t\t\t<div class=\"elementor-column elementor-col-100 elementor-top-column elementor-element elementor-element-166087a\" data-id=\"166087a\" data-element_type=\"column\">\n\t\t\t<div class=\"elementor-widget-wrap elementor-element-populated\">\n\t\t\t\t\t\t<div class=\"elementor-element elementor-element-ddd7fe7 elementor-widget elementor-widget-image\" data-id=\"ddd7fe7\" data-element_type=\"widget\" data-widget_type=\"image.default\">\n\t\t\t\t<div class=\"elementor-widget-container\">\n\t\t\t\t\t\t\t\t\t\t\t\t\t\t\t<img fetchpriority=\"high\" decoding=\"async\" width=\"1024\" height=\"205\" src=\"https:\/\/lesnuageux.org\/wp-content\/uploads\/2025\/02\/Jose-Luis-Ruiz-Noguero-1024x205.png\" class=\"attachment-large size-large wp-image-1177\" alt=\"texte : La couverture a des rides\" srcset=\"https:\/\/lesnuageux.org\/wp-content\/uploads\/2025\/02\/Jose-Luis-Ruiz-Noguero-1024x205.png 1024w, https:\/\/lesnuageux.org\/wp-content\/uploads\/2025\/02\/Jose-Luis-Ruiz-Noguero-300x60.png 300w, https:\/\/lesnuageux.org\/wp-content\/uploads\/2025\/02\/Jose-Luis-Ruiz-Noguero-768x153.png 768w, https:\/\/lesnuageux.org\/wp-content\/uploads\/2025\/02\/Jose-Luis-Ruiz-Noguero.png 1181w\" sizes=\"(max-width: 1024px) 100vw, 1024px\" \/>\t\t\t\t\t\t\t\t\t\t\t\t\t\t\t<\/div>\n\t\t\t\t<\/div>\n\t\t\t\t\t<\/div>\n\t\t<\/div>\n\t\t\t\t\t<\/div>\n\t\t<\/section>\n\t\t\t\t<section class=\"elementor-section elementor-top-section elementor-element elementor-element-e4c6fe9 elementor-section-boxed elementor-section-height-default elementor-section-height-default qodef-elementor-content-no\" data-id=\"e4c6fe9\" data-element_type=\"section\">\n\t\t\t\t\t\t<div class=\"elementor-container elementor-column-gap-default\">\n\t\t\t\t\t<div class=\"elementor-column elementor-col-100 elementor-top-column elementor-element elementor-element-c25a304\" data-id=\"c25a304\" data-element_type=\"column\">\n\t\t\t<div class=\"elementor-widget-wrap elementor-element-populated\">\n\t\t\t\t\t\t<div class=\"elementor-element elementor-element-49b2233 elementor-arrows-position-inside elementor-widget elementor-widget-image-carousel\" data-id=\"49b2233\" data-element_type=\"widget\" data-settings=\"{&quot;slides_to_show&quot;:&quot;1&quot;,&quot;navigation&quot;:&quot;arrows&quot;,&quot;effect&quot;:&quot;fade&quot;,&quot;autoplay&quot;:&quot;yes&quot;,&quot;pause_on_hover&quot;:&quot;yes&quot;,&quot;pause_on_interaction&quot;:&quot;yes&quot;,&quot;autoplay_speed&quot;:5000,&quot;infinite&quot;:&quot;yes&quot;,&quot;speed&quot;:500}\" data-widget_type=\"image-carousel.default\">\n\t\t\t\t<div class=\"elementor-widget-container\">\n\t\t\t\t\t\t\t<div class=\"elementor-image-carousel-wrapper swiper\" role=\"region\" aria-roledescription=\"carousel\" aria-label=\"Carrousel d\u2019images\" dir=\"ltr\">\n\t\t\t<div class=\"elementor-image-carousel swiper-wrapper\" aria-live=\"off\">\n\t\t\t\t\t\t\t\t<div class=\"swiper-slide\" role=\"group\" aria-roledescription=\"slide\" aria-label=\"1 sur 6\"><figure class=\"swiper-slide-inner\"><img decoding=\"async\" class=\"swiper-slide-image\" src=\"https:\/\/lesnuageux.org\/wp-content\/uploads\/2025\/02\/Diseno-sin-titulo-768x480.png\" alt=\"Deux danseuses formant un arbre avec leurs corps\" \/><\/figure><\/div><div class=\"swiper-slide\" role=\"group\" aria-roledescription=\"slide\" aria-label=\"2 sur 6\"><figure class=\"swiper-slide-inner\"><img decoding=\"async\" class=\"swiper-slide-image\" src=\"https:\/\/lesnuageux.org\/wp-content\/uploads\/2025\/02\/95DDEA7B-7668-4E8A-91AD-B9DB28656ACC_1_105_c-768x480.jpeg\" alt=\"Deux danseuses avec un luminaire \u00e0 la place de la t\u00eate\" \/><\/figure><\/div><div class=\"swiper-slide\" role=\"group\" aria-roledescription=\"slide\" aria-label=\"3 sur 6\"><figure class=\"swiper-slide-inner\"><img decoding=\"async\" class=\"swiper-slide-image\" src=\"https:\/\/lesnuageux.org\/wp-content\/uploads\/2025\/02\/FF6D432C-764E-4AFE-914C-2725B59DE76C_1_105_c-768x480.jpeg\" alt=\"Deux danseuses avec des manteaux-couvertures imitant des oiseaux avec leurs bras\" \/><\/figure><\/div><div class=\"swiper-slide\" role=\"group\" aria-roledescription=\"slide\" aria-label=\"4 sur 6\"><figure class=\"swiper-slide-inner\"><img decoding=\"async\" class=\"swiper-slide-image\" src=\"https:\/\/lesnuageux.org\/wp-content\/uploads\/2025\/02\/066FF4AF-ED44-447D-BE3E-742AC5027E96_1_105_c-768x479.jpeg\" alt=\"Deux danseuses avec des manteaux-couvertures\" \/><\/figure><\/div><div class=\"swiper-slide\" role=\"group\" aria-roledescription=\"slide\" aria-label=\"5 sur 6\"><figure class=\"swiper-slide-inner\"><img decoding=\"async\" class=\"swiper-slide-image\" src=\"https:\/\/lesnuageux.org\/wp-content\/uploads\/2025\/02\/68402E78-7CE0-4AF7-BAFE-6894A4849F8A-768x480.png\" alt=\"Deux danseuses sur sc\u00e8ne\" \/><\/figure><\/div><div class=\"swiper-slide\" role=\"group\" aria-roledescription=\"slide\" aria-label=\"6 sur 6\"><figure class=\"swiper-slide-inner\"><img decoding=\"async\" class=\"swiper-slide-image\" src=\"https:\/\/lesnuageux.org\/wp-content\/uploads\/2025\/02\/D383B78E-8C6A-4DC9-A4DF-61BB29DBA319_1_105_c-768x512.jpeg\" alt=\"Deux danseuses dos \u00e0 dos avec un coussin entre leurs t\u00eates\" \/><\/figure><\/div>\t\t\t<\/div>\n\t\t\t\t\t\t\t\t\t\t\t\t<div class=\"elementor-swiper-button elementor-swiper-button-prev\" role=\"button\" tabindex=\"0\">\n\t\t\t\t\t\t<svg aria-hidden=\"true\" class=\"e-font-icon-svg e-eicon-chevron-left\" viewBox=\"0 0 1000 1000\" xmlns=\"http:\/\/www.w3.org\/2000\/svg\"><path d=\"M646 125C629 125 613 133 604 142L308 442C296 454 292 471 292 487 292 504 296 521 308 533L604 854C617 867 629 875 646 875 663 875 679 871 692 858 704 846 713 829 713 812 713 796 708 779 692 767L438 487 692 225C700 217 708 204 708 187 708 171 704 154 692 142 675 129 663 125 646 125Z\"><\/path><\/svg>\t\t\t\t\t<\/div>\n\t\t\t\t\t<div class=\"elementor-swiper-button elementor-swiper-button-next\" role=\"button\" tabindex=\"0\">\n\t\t\t\t\t\t<svg aria-hidden=\"true\" class=\"e-font-icon-svg e-eicon-chevron-right\" viewBox=\"0 0 1000 1000\" xmlns=\"http:\/\/www.w3.org\/2000\/svg\"><path d=\"M696 533C708 521 713 504 713 487 713 471 708 454 696 446L400 146C388 133 375 125 354 125 338 125 325 129 313 142 300 154 292 171 292 187 292 204 296 221 308 233L563 492 304 771C292 783 288 800 288 817 288 833 296 850 308 863 321 871 338 875 354 875 371 875 388 867 400 854L696 533Z\"><\/path><\/svg>\t\t\t\t\t<\/div>\n\t\t\t\t\n\t\t\t\t\t\t\t\t\t<\/div>\n\t\t\t\t\t\t<\/div>\n\t\t\t\t<\/div>\n\t\t\t\t\t<\/div>\n\t\t<\/div>\n\t\t\t\t\t<\/div>\n\t\t<\/section>\n\t\t\t\t<section class=\"elementor-section elementor-top-section elementor-element elementor-element-2301286 elementor-section-boxed elementor-section-height-default elementor-section-height-default qodef-elementor-content-no\" data-id=\"2301286\" data-element_type=\"section\">\n\t\t\t\t\t\t<div class=\"elementor-container elementor-column-gap-default\">\n\t\t\t\t\t<div class=\"elementor-column elementor-col-50 elementor-top-column elementor-element elementor-element-6d4feaa\" data-id=\"6d4feaa\" data-element_type=\"column\" data-settings=\"{&quot;background_background&quot;:&quot;classic&quot;}\">\n\t\t\t<div class=\"elementor-widget-wrap elementor-element-populated\">\n\t\t\t\t\t\t<div class=\"elementor-element elementor-element-e7addd4 elementor-widget elementor-widget-text-editor\" data-id=\"e7addd4\" data-element_type=\"widget\" data-widget_type=\"text-editor.default\">\n\t\t\t\t<div class=\"elementor-widget-container\">\n\t\t\t\t\t\t\t\t\t<p><strong>Danse, th\u00e9\u00e2tre d&rsquo;objets<\/strong><\/p><p><strong>Version originale :<\/strong> 55 min, \u00e0 partir de 4 ans<\/p><p>\u00c9coles, coll\u00e8ges, MJC, centres sociaux et culturels, vous souhaitez accueillir le spectacle dans votre \u00e9tablissement ? Contactez-nous : <span style=\"color: #95839d;\"><strong>adelie.ester@lesnuageux.org<\/strong><\/span><\/p>\t\t\t\t\t\t\t\t<\/div>\n\t\t\t\t<\/div>\n\t\t\t\t\t<\/div>\n\t\t<\/div>\n\t\t\t\t<div class=\"elementor-column elementor-col-50 elementor-top-column elementor-element elementor-element-a342f2d\" data-id=\"a342f2d\" data-element_type=\"column\">\n\t\t\t<div class=\"elementor-widget-wrap elementor-element-populated\">\n\t\t\t\t\t\t<div class=\"elementor-element elementor-element-40c7c03 elementor-widget elementor-widget-image\" data-id=\"40c7c03\" data-element_type=\"widget\" data-widget_type=\"image.default\">\n\t\t\t\t<div class=\"elementor-widget-container\">\n\t\t\t\t\t\t\t\t\t\t\t\t\t\t\t<img decoding=\"async\" width=\"1024\" height=\"205\" src=\"https:\/\/lesnuageux.org\/wp-content\/uploads\/2025\/02\/Jose-Luis-Ruiz-Noguero-1-1-1024x205.png\" class=\"attachment-large size-large wp-image-1185\" alt=\"Texte : T\u00e9l\u00e9charger le dossier\" \/>\t\t\t\t\t\t\t\t\t\t\t\t\t\t\t<\/div>\n\t\t\t\t<\/div>\n\t\t\t\t<div class=\"elementor-element elementor-element-2bad10c elementor-view-default elementor-widget elementor-widget-icon\" data-id=\"2bad10c\" data-element_type=\"widget\" data-widget_type=\"icon.default\">\n\t\t\t\t<div class=\"elementor-widget-container\">\n\t\t\t\t\t\t\t<div class=\"elementor-icon-wrapper\">\n\t\t\t<a class=\"elementor-icon\" href=\"https:\/\/lesnuageux.org\/wp-content\/uploads\/2025\/02\/La-couverture-a-des-rides-dossier.pdf\">\n\t\t\t<svg aria-hidden=\"true\" class=\"e-font-icon-svg e-fas-cloud-download-alt\" viewBox=\"0 0 640 512\" xmlns=\"http:\/\/www.w3.org\/2000\/svg\"><path d=\"M537.6 226.6c4.1-10.7 6.4-22.4 6.4-34.6 0-53-43-96-96-96-19.7 0-38.1 6-53.3 16.2C367 64.2 315.3 32 256 32c-88.4 0-160 71.6-160 160 0 2.7.1 5.4.2 8.1C40.2 219.8 0 273.2 0 336c0 79.5 64.5 144 144 144h368c70.7 0 128-57.3 128-128 0-61.9-44-113.6-102.4-125.4zm-132.9 88.7L299.3 420.7c-6.2 6.2-16.4 6.2-22.6 0L171.3 315.3c-10.1-10.1-2.9-27.3 11.3-27.3H248V176c0-8.8 7.2-16 16-16h48c8.8 0 16 7.2 16 16v112h65.4c14.2 0 21.4 17.2 11.3 27.3z\"><\/path><\/svg>\t\t\t<\/a>\n\t\t<\/div>\n\t\t\t\t\t\t<\/div>\n\t\t\t\t<\/div>\n\t\t\t\t\t<\/div>\n\t\t<\/div>\n\t\t\t\t\t<\/div>\n\t\t<\/section>\n\t\t\t\t<section class=\"elementor-section elementor-top-section elementor-element elementor-element-1f2f9a1 elementor-section-boxed elementor-section-height-default elementor-section-height-default qodef-elementor-content-no\" data-id=\"1f2f9a1\" data-element_type=\"section\">\n\t\t\t\t\t\t<div class=\"elementor-container elementor-column-gap-default\">\n\t\t\t\t\t<div class=\"elementor-column elementor-col-100 elementor-top-column elementor-element elementor-element-e8d8af2\" data-id=\"e8d8af2\" data-element_type=\"column\">\n\t\t\t<div class=\"elementor-widget-wrap elementor-element-populated\">\n\t\t\t\t\t\t<div class=\"elementor-element elementor-element-af7f412 elementor-widget elementor-widget-text-editor\" data-id=\"af7f412\" data-element_type=\"widget\" data-widget_type=\"text-editor.default\">\n\t\t\t\t<div class=\"elementor-widget-container\">\n\t\t\t\t\t\t\t\t\t<div title=\"Page 2\"><div><div><div><p><em>Allonge\u0301e entre hier et demain, c\u2019est ma premie\u0300re nuit dans mon nouveau lit.\u00a0<\/em><em>Je n\u2019arrive pas a\u0300 dormir.\u00a0<\/em><em>Je ne bouge pas et pourtant, autour et a\u0300 l\u2019inte\u0301rieur de moi, tout se transforme.<\/em><\/p><p><em>Alors c\u2019est c\u0327a grandir ?<\/em><br \/><em>L\u2019a\u0302ge de raison qu\u2019est-ce que c\u0327a veut dire?<br \/><\/em><em><br \/><\/em><em>J\u2019ai 7 ans.<\/em><br \/><em>Depuis plus ou moins longtemps.<\/em><\/p><p><em>Avec l&rsquo;aiguille de l&rsquo;horloge et le fil du temps, moi, je couds un tapis volant.<br \/>J&rsquo;invente un d\u00e9collage, des paysages, des personnages. Et sur mon passage, je s\u00e8me des petits bouts de moi dans tous les coins.<br \/>Alors, quand je serai grande c&rsquo;est certain, si un jour je le deviens, de ce monde-l\u00e0 je retrouverai le chemin.<\/em><\/p><p><span style=\"color: #95839d;\"><strong>La Couverture a des rides<\/strong> <\/span>attrape les doutes et les re\u0302ves du soir. Elle joue avec le visible et l\u2019invisible, le re\u0301el et l\u2019invente\u0301, le propre et le figure\u0301, pour donner un sens nouveau aux objets de la chambre.<\/p><\/div><\/div><\/div><\/div>\t\t\t\t\t\t\t\t<\/div>\n\t\t\t\t<\/div>\n\t\t\t\t\t<\/div>\n\t\t<\/div>\n\t\t\t\t\t<\/div>\n\t\t<\/section>\n\t\t\t\t<section class=\"elementor-section elementor-top-section elementor-element elementor-element-8684a28 elementor-section-boxed elementor-section-height-default elementor-section-height-default qodef-elementor-content-no\" data-id=\"8684a28\" data-element_type=\"section\">\n\t\t\t\t\t\t<div class=\"elementor-container elementor-column-gap-default\">\n\t\t\t\t\t<div class=\"elementor-column elementor-col-100 elementor-top-column elementor-element elementor-element-ba081b7\" data-id=\"ba081b7\" data-element_type=\"column\">\n\t\t\t<div class=\"elementor-widget-wrap elementor-element-populated\">\n\t\t\t\t\t\t<div class=\"elementor-element elementor-element-1fe8366 elementor-widget elementor-widget-image\" data-id=\"1fe8366\" data-element_type=\"widget\" data-widget_type=\"image.default\">\n\t\t\t\t<div class=\"elementor-widget-container\">\n\t\t\t\t\t\t\t\t\t\t\t\t\t\t\t<img decoding=\"async\" width=\"1024\" height=\"205\" src=\"https:\/\/lesnuageux.org\/wp-content\/uploads\/2025\/02\/Jose-Luis-Ruiz-Noguero-3-1024x205.png\" class=\"attachment-large size-large wp-image-1200\" alt=\"\" srcset=\"https:\/\/lesnuageux.org\/wp-content\/uploads\/2025\/02\/Jose-Luis-Ruiz-Noguero-3-1024x205.png 1024w, https:\/\/lesnuageux.org\/wp-content\/uploads\/2025\/02\/Jose-Luis-Ruiz-Noguero-3-300x60.png 300w, https:\/\/lesnuageux.org\/wp-content\/uploads\/2025\/02\/Jose-Luis-Ruiz-Noguero-3-768x153.png 768w, https:\/\/lesnuageux.org\/wp-content\/uploads\/2025\/02\/Jose-Luis-Ruiz-Noguero-3.png 1181w\" sizes=\"(max-width: 1024px) 100vw, 1024px\" \/>\t\t\t\t\t\t\t\t\t\t\t\t\t\t\t<\/div>\n\t\t\t\t<\/div>\n\t\t\t\t\t<\/div>\n\t\t<\/div>\n\t\t\t\t\t<\/div>\n\t\t<\/section>\n\t\t\t\t<section class=\"elementor-section elementor-top-section elementor-element elementor-element-0f1bd70 elementor-section-boxed elementor-section-height-default elementor-section-height-default qodef-elementor-content-no\" data-id=\"0f1bd70\" data-element_type=\"section\">\n\t\t\t\t\t\t<div class=\"elementor-container elementor-column-gap-default\">\n\t\t\t\t\t<div class=\"elementor-column elementor-col-100 elementor-top-column elementor-element elementor-element-0348ef6\" data-id=\"0348ef6\" data-element_type=\"column\">\n\t\t\t<div class=\"elementor-widget-wrap elementor-element-populated\">\n\t\t\t\t\t\t<div class=\"elementor-element elementor-element-0834278 elementor-widget elementor-widget-video\" data-id=\"0834278\" data-element_type=\"widget\" data-settings=\"{&quot;youtube_url&quot;:&quot;https:\\\/\\\/youtu.be\\\/hqRSajN95J4&quot;,&quot;video_type&quot;:&quot;youtube&quot;,&quot;controls&quot;:&quot;yes&quot;}\" data-widget_type=\"video.default\">\n\t\t\t\t<div class=\"elementor-widget-container\">\n\t\t\t\t\t\t\t<div class=\"elementor-wrapper elementor-open-inline\">\n\t\t\t<div class=\"elementor-video\"><\/div>\t\t<\/div>\n\t\t\t\t\t\t<\/div>\n\t\t\t\t<\/div>\n\t\t\t\t\t<\/div>\n\t\t<\/div>\n\t\t\t\t\t<\/div>\n\t\t<\/section>\n\t\t\t\t<section class=\"elementor-section elementor-top-section elementor-element elementor-element-0cddfdd elementor-section-boxed elementor-section-height-default elementor-section-height-default qodef-elementor-content-no\" data-id=\"0cddfdd\" data-element_type=\"section\">\n\t\t\t\t\t\t<div class=\"elementor-container elementor-column-gap-default\">\n\t\t\t\t\t<div class=\"elementor-column elementor-col-100 elementor-top-column elementor-element elementor-element-b9eac00\" data-id=\"b9eac00\" data-element_type=\"column\">\n\t\t\t<div class=\"elementor-widget-wrap elementor-element-populated\">\n\t\t\t\t\t\t<div class=\"elementor-element elementor-element-b6b9763 elementor-widget elementor-widget-text-editor\" data-id=\"b6b9763\" data-element_type=\"widget\" data-widget_type=\"text-editor.default\">\n\t\t\t\t<div class=\"elementor-widget-container\">\n\t\t\t\t\t\t\t\t\t<div title=\"Page 4\"><div><div><div><p><span style=\"color: #95839d;\"><strong>La Couverture a des rides<\/strong><\/span> raconte ce moment lors duquel on se rend compte qu\u2019on grandit. Lorsqu&rsquo;on se laisser porter par l\u2019inconnu tout en regardant ce qu\u2019on s\u00e8me derrie\u0300re nous. Soif d\u2019aventure et premie\u0300res nostalgies.<\/p><p><span style=\"color: #95839d;\"><strong>La Couverture a des rides<\/strong><\/span> est l\u2019interview de tous ces doudous qui un jour se sont retrouve\u0301s seuls.<\/p><p>La chambre est ce petit royaume enfantin que nous avons choisi d\u2019explorer. Lieu intime de jeu, de r\u00eave et de transition. Nous voulons regarder le monde comme si nous le de\u0301couvrions pour la premie\u0300re fois et re\u0301ve\u0301ler l\u2019artistique qui repose dans le quotidien.<\/p><p><span style=\"color: #95839d;\"><strong>La Couverture a des rides<\/strong> <\/span>nous e\u0301merveille simplement. Nous remplit de questions. Entraine notre imagination. Pour re\u0301veiller les oiseaux qui dorment dans l\u2019oreiller. Caresser le monstre qui vit sous le lit. Voir un chemin dans un pli. Grandir sans ha\u0302te et avec beaucoup de poe\u0301sie.\u00a0<span style=\"font-style: inherit; font-weight: inherit; font-family: -apple-system, BlinkMacSystemFont, 'Segoe UI', Roboto, Oxygen-Sans, Ubuntu, Cantarell, 'Helvetica Neue', sans-serif;\">Un spectacle pour les enfants, leurs parents et leurs grands-parents.<\/span><\/p><\/div><\/div><\/div><\/div>\t\t\t\t\t\t\t\t<\/div>\n\t\t\t\t<\/div>\n\t\t\t\t\t<\/div>\n\t\t<\/div>\n\t\t\t\t\t<\/div>\n\t\t<\/section>\n\t\t\t\t<section class=\"elementor-section elementor-top-section elementor-element elementor-element-149e56c elementor-section-boxed elementor-section-height-default elementor-section-height-default qodef-elementor-content-no\" data-id=\"149e56c\" data-element_type=\"section\">\n\t\t\t\t\t\t<div class=\"elementor-container elementor-column-gap-default\">\n\t\t\t\t\t<div class=\"elementor-column elementor-col-100 elementor-top-column elementor-element elementor-element-792662f\" data-id=\"792662f\" data-element_type=\"column\">\n\t\t\t<div class=\"elementor-widget-wrap elementor-element-populated\">\n\t\t\t\t\t\t<div class=\"elementor-element elementor-element-e8db133 elementor-widget elementor-widget-image\" data-id=\"e8db133\" data-element_type=\"widget\" data-widget_type=\"image.default\">\n\t\t\t\t<div class=\"elementor-widget-container\">\n\t\t\t\t\t\t\t\t\t\t\t\t\t\t\t<img loading=\"lazy\" decoding=\"async\" width=\"1024\" height=\"273\" src=\"https:\/\/lesnuageux.org\/wp-content\/uploads\/2025\/02\/93D0BE72-0061-47E3-A891-A85C0C3CD1A9_1_105_c-1024x273.jpeg\" class=\"attachment-large size-large wp-image-1198\" alt=\"Des doudous\" srcset=\"https:\/\/lesnuageux.org\/wp-content\/uploads\/2025\/02\/93D0BE72-0061-47E3-A891-A85C0C3CD1A9_1_105_c-1024x273.jpeg 1024w, https:\/\/lesnuageux.org\/wp-content\/uploads\/2025\/02\/93D0BE72-0061-47E3-A891-A85C0C3CD1A9_1_105_c-300x80.jpeg 300w, https:\/\/lesnuageux.org\/wp-content\/uploads\/2025\/02\/93D0BE72-0061-47E3-A891-A85C0C3CD1A9_1_105_c-768x205.jpeg 768w, https:\/\/lesnuageux.org\/wp-content\/uploads\/2025\/02\/93D0BE72-0061-47E3-A891-A85C0C3CD1A9_1_105_c-1536x410.jpeg 1536w, https:\/\/lesnuageux.org\/wp-content\/uploads\/2025\/02\/93D0BE72-0061-47E3-A891-A85C0C3CD1A9_1_105_c.jpeg 1716w\" sizes=\"(max-width: 1024px) 100vw, 1024px\" \/>\t\t\t\t\t\t\t\t\t\t\t\t\t\t\t<\/div>\n\t\t\t\t<\/div>\n\t\t\t\t\t<\/div>\n\t\t<\/div>\n\t\t\t\t\t<\/div>\n\t\t<\/section>\n\t\t\t\t<section class=\"elementor-section elementor-top-section elementor-element elementor-element-f8ddf28 elementor-section-boxed elementor-section-height-default elementor-section-height-default qodef-elementor-content-no\" data-id=\"f8ddf28\" data-element_type=\"section\">\n\t\t\t\t\t\t<div class=\"elementor-container elementor-column-gap-default\">\n\t\t\t\t\t<div class=\"elementor-column elementor-col-100 elementor-top-column elementor-element elementor-element-b850237\" data-id=\"b850237\" data-element_type=\"column\">\n\t\t\t<div class=\"elementor-widget-wrap elementor-element-populated\">\n\t\t\t\t\t\t<div class=\"elementor-element elementor-element-6bae32e elementor-widget elementor-widget-text-editor\" data-id=\"6bae32e\" data-element_type=\"widget\" data-widget_type=\"text-editor.default\">\n\t\t\t\t<div class=\"elementor-widget-container\">\n\t\t\t\t\t\t\t\t\t<div class=\"page\" title=\"Page 5\"><div class=\"section\"><div class=\"layoutArea\"><div class=\"column\"><p>Notre langage est celui de la <strong>danse<\/strong> et du <strong>the\u0301a\u0302tre d\u2019objets<\/strong>.\u00a0<span style=\"font-style: inherit; font-weight: inherit; font-family: -apple-system, BlinkMacSystemFont, 'Segoe UI', Roboto, Oxygen-Sans, Ubuntu, Cantarell, 'Helvetica Neue', sans-serif;\">Nous partons du <\/span><strong style=\"font-style: inherit; font-family: -apple-system, BlinkMacSystemFont, 'Segoe UI', Roboto, Oxygen-Sans, Ubuntu, Cantarell, 'Helvetica Neue', sans-serif;\">quotidien<\/strong><span style=\"font-style: inherit; font-weight: inherit; font-family: -apple-system, BlinkMacSystemFont, 'Segoe UI', Roboto, Oxygen-Sans, Ubuntu, Cantarell, 'Helvetica Neue', sans-serif;\"> pour e\u0301tudier de pr\u00e8s nos gestes et nos mouvements. A\u0300 partir de la\u0300, nous espe\u0301rons sculpter des personnages uniques qui naissent de la singularite\u0301 de nos corps, de nos personnalite\u0301s et de nos expe\u0301riences.<\/span><\/p><p>Nous conside\u0301rons la <strong>matie\u0300re<\/strong> &#8211; l&rsquo;<strong>objet<\/strong> &#8211; comme un interpre\u0300te de plus interagissant avec nos corps pour cr\u00e9er des images et des e\u0301nergies, au dela\u0300 du re\u0301aliste et du figuratif. Nous ne faisons qu&#8217;emprunter l&rsquo;ide\u0301e a\u0300 tous ces enfants qui, un jour, ont voulu construire une cabane avec une couverture, deux chaises et un balai.<\/p><p>Le corps en mouvement et les objets sont rejoints par la <strong>lumie\u0300re<\/strong>, qui elle aussi, transcende le re\u0301aliste, sculpte l\u2019imaginaire.<\/p><\/div><\/div><\/div><\/div>\t\t\t\t\t\t\t\t<\/div>\n\t\t\t\t<\/div>\n\t\t\t\t\t<\/div>\n\t\t<\/div>\n\t\t\t\t\t<\/div>\n\t\t<\/section>\n\t\t\t\t<section class=\"elementor-section elementor-top-section elementor-element elementor-element-6094606 elementor-section-boxed elementor-section-height-default elementor-section-height-default qodef-elementor-content-no\" data-id=\"6094606\" data-element_type=\"section\">\n\t\t\t\t\t\t<div class=\"elementor-container elementor-column-gap-default\">\n\t\t\t\t\t<div class=\"elementor-column elementor-col-50 elementor-top-column elementor-element elementor-element-59fbe03\" data-id=\"59fbe03\" data-element_type=\"column\">\n\t\t\t<div class=\"elementor-widget-wrap elementor-element-populated\">\n\t\t\t\t\t\t<div class=\"elementor-element elementor-element-b673ab9 elementor-widget elementor-widget-image\" data-id=\"b673ab9\" data-element_type=\"widget\" data-widget_type=\"image.default\">\n\t\t\t\t<div class=\"elementor-widget-container\">\n\t\t\t\t\t\t\t\t\t\t\t\t\t\t\t\t<a href=\"https:\/\/les-tilleuls.org\/2025\/07\/01\/delicat-et-onirique\/\">\n\t\t\t\t\t\t\t<img loading=\"lazy\" decoding=\"async\" width=\"1024\" height=\"576\" src=\"https:\/\/lesnuageux.org\/wp-content\/uploads\/2025\/07\/5-1-1024x576.png\" class=\"attachment-large size-large wp-image-1668\" alt=\"Lire l&#039;article\" srcset=\"https:\/\/lesnuageux.org\/wp-content\/uploads\/2025\/07\/5-1-1024x576.png 1024w, https:\/\/lesnuageux.org\/wp-content\/uploads\/2025\/07\/5-1-300x169.png 300w, https:\/\/lesnuageux.org\/wp-content\/uploads\/2025\/07\/5-1-768x432.png 768w, https:\/\/lesnuageux.org\/wp-content\/uploads\/2025\/07\/5-1-1536x864.png 1536w, https:\/\/lesnuageux.org\/wp-content\/uploads\/2025\/07\/5-1.png 1920w\" sizes=\"(max-width: 1024px) 100vw, 1024px\" \/>\t\t\t\t\t\t\t\t<\/a>\n\t\t\t\t\t\t\t\t\t\t\t\t\t\t\t<\/div>\n\t\t\t\t<\/div>\n\t\t\t\t\t<\/div>\n\t\t<\/div>\n\t\t\t\t<div class=\"elementor-column elementor-col-50 elementor-top-column elementor-element elementor-element-49105bd\" data-id=\"49105bd\" data-element_type=\"column\">\n\t\t\t<div class=\"elementor-widget-wrap elementor-element-populated\">\n\t\t\t\t\t\t<div class=\"elementor-element elementor-element-5abb8ee elementor-widget elementor-widget-image\" data-id=\"5abb8ee\" data-element_type=\"widget\" data-widget_type=\"image.default\">\n\t\t\t\t<div class=\"elementor-widget-container\">\n\t\t\t\t\t\t\t\t\t\t\t\t\t\t\t<img loading=\"lazy\" decoding=\"async\" width=\"324\" height=\"208\" src=\"https:\/\/lesnuageux.org\/wp-content\/uploads\/2025\/07\/Captura-de-pantalla-2025-07-07-a-las-19.02.05.png\" class=\"attachment-large size-large wp-image-1669\" alt=\"On en parle\" srcset=\"https:\/\/lesnuageux.org\/wp-content\/uploads\/2025\/07\/Captura-de-pantalla-2025-07-07-a-las-19.02.05.png 324w, https:\/\/lesnuageux.org\/wp-content\/uploads\/2025\/07\/Captura-de-pantalla-2025-07-07-a-las-19.02.05-300x193.png 300w\" sizes=\"(max-width: 324px) 100vw, 324px\" \/>\t\t\t\t\t\t\t\t\t\t\t\t\t\t\t<\/div>\n\t\t\t\t<\/div>\n\t\t\t\t\t<\/div>\n\t\t<\/div>\n\t\t\t\t\t<\/div>\n\t\t<\/section>\n\t\t\t\t<section class=\"elementor-section elementor-top-section elementor-element elementor-element-89c50dc elementor-section-boxed elementor-section-height-default elementor-section-height-default qodef-elementor-content-no\" data-id=\"89c50dc\" data-element_type=\"section\">\n\t\t\t\t\t\t<div class=\"elementor-container elementor-column-gap-default\">\n\t\t\t\t\t<div class=\"elementor-column elementor-col-100 elementor-top-column elementor-element elementor-element-ed5134c\" data-id=\"ed5134c\" data-element_type=\"column\">\n\t\t\t<div class=\"elementor-widget-wrap elementor-element-populated\">\n\t\t\t\t\t\t<div class=\"elementor-element elementor-element-6d10f21 elementor-widget elementor-widget-image\" data-id=\"6d10f21\" data-element_type=\"widget\" data-widget_type=\"image.default\">\n\t\t\t\t<div class=\"elementor-widget-container\">\n\t\t\t\t\t\t\t\t\t\t\t\t\t\t\t<img loading=\"lazy\" decoding=\"async\" width=\"1024\" height=\"205\" src=\"https:\/\/lesnuageux.org\/wp-content\/uploads\/2025\/02\/Jose-Luis-Ruiz-Noguero-2-1024x205.png\" class=\"attachment-large size-large wp-image-1199\" alt=\"Texte : un projet de m\u00e9diation\" srcset=\"https:\/\/lesnuageux.org\/wp-content\/uploads\/2025\/02\/Jose-Luis-Ruiz-Noguero-2-1024x205.png 1024w, https:\/\/lesnuageux.org\/wp-content\/uploads\/2025\/02\/Jose-Luis-Ruiz-Noguero-2-300x60.png 300w, https:\/\/lesnuageux.org\/wp-content\/uploads\/2025\/02\/Jose-Luis-Ruiz-Noguero-2-768x153.png 768w, https:\/\/lesnuageux.org\/wp-content\/uploads\/2025\/02\/Jose-Luis-Ruiz-Noguero-2.png 1181w\" sizes=\"(max-width: 1024px) 100vw, 1024px\" \/>\t\t\t\t\t\t\t\t\t\t\t\t\t\t\t<\/div>\n\t\t\t\t<\/div>\n\t\t\t\t\t<\/div>\n\t\t<\/div>\n\t\t\t\t\t<\/div>\n\t\t<\/section>\n\t\t\t\t<section class=\"elementor-section elementor-top-section elementor-element elementor-element-fa706f1 elementor-section-boxed elementor-section-height-default elementor-section-height-default qodef-elementor-content-no\" data-id=\"fa706f1\" data-element_type=\"section\">\n\t\t\t\t\t\t<div class=\"elementor-container elementor-column-gap-default\">\n\t\t\t\t\t<div class=\"elementor-column elementor-col-100 elementor-top-column elementor-element elementor-element-da87bd4\" data-id=\"da87bd4\" data-element_type=\"column\">\n\t\t\t<div class=\"elementor-widget-wrap elementor-element-populated\">\n\t\t\t\t\t\t<div class=\"elementor-element elementor-element-30f4ce4 elementor-widget elementor-widget-text-editor\" data-id=\"30f4ce4\" data-element_type=\"widget\" data-widget_type=\"text-editor.default\">\n\t\t\t\t<div class=\"elementor-widget-container\">\n\t\t\t\t\t\t\t\t\t<div class=\"page\" title=\"Page 7\"><div class=\"section\"><div class=\"layoutArea\"><div class=\"column\"><p><span style=\"color: #95839d;\"><strong>La Couverture a des rides<\/strong><\/span> n\u2019est pas qu\u2019un spectacle. C\u2019est une ide\u0301e place\u0301e au centre d\u2019une table a\u0300 laquelle tout le monde est invite\u0301. Une ide\u0301e qui se de\u0301guste, se cuisine, se transforme de manie\u0300re collective. Un pre\u0301texte pour apprendre a\u0300 se connai\u0302tre, faire et ressentir ensemble.<\/p><\/div><\/div><\/div><\/div>\t\t\t\t\t\t\t\t<\/div>\n\t\t\t\t<\/div>\n\t\t\t\t\t<\/div>\n\t\t<\/div>\n\t\t\t\t\t<\/div>\n\t\t<\/section>\n\t\t\t\t<section class=\"elementor-section elementor-top-section elementor-element elementor-element-4c970ee elementor-section-boxed elementor-section-height-default elementor-section-height-default qodef-elementor-content-no\" data-id=\"4c970ee\" data-element_type=\"section\">\n\t\t\t\t\t\t<div class=\"elementor-container elementor-column-gap-default\">\n\t\t\t\t\t<div class=\"elementor-column elementor-col-100 elementor-top-column elementor-element elementor-element-fdb956c\" data-id=\"fdb956c\" data-element_type=\"column\" data-settings=\"{&quot;background_background&quot;:&quot;classic&quot;}\">\n\t\t\t<div class=\"elementor-widget-wrap elementor-element-populated\">\n\t\t\t\t\t\t<div class=\"elementor-element elementor-element-e89d20d elementor-widget elementor-widget-text-editor\" data-id=\"e89d20d\" data-element_type=\"widget\" data-widget_type=\"text-editor.default\">\n\t\t\t\t<div class=\"elementor-widget-container\">\n\t\t\t\t\t\t\t\t\t<p style=\"text-align: center;\"><span style=\"color: #000000;\"><strong>J&rsquo;ai mon mot \u00e0 dire<\/strong><\/span><\/p><p>J&rsquo;ai mon mot \u00e0 dire fut une s\u00e9rie d&rsquo;ateliers con\u00e7ue pour donner la parole aux enfants \u00e0 propos des th\u00e8mes abord\u00e9s dans le spectacle et travailler avec eux \u00e0 la cr\u00e9ation d&rsquo;une bande son originale. Ce projet fut organis\u00e9 dans le cadre d&rsquo;une r\u00e9sidence de deux semaines au sein de l&rsquo;Ensemble Scolaire Les Tilleuls \u00e0 Annecy. Nous avons travaill\u00e9 avec des classes de CE1 et de 6\u00e8me.<\/p><p>\u00ab\u00a0\u00c0 quel \u00e2ge devient-on grand ? Que veut-dire <em>avoir l&rsquo;\u00e2ge de raison<\/em> ? O\u00f9 vont les doudous quand les enfants n&rsquo;ont plus besoin d&rsquo;eux ?\u00a0\u00bb<\/p><p>Au programme :<br \/><span style=\"font-style: inherit; font-weight: inherit; font-family: -apple-system, BlinkMacSystemFont, 'Segoe UI', Roboto, Oxygen-Sans, Ubuntu, Cantarell, 'Helvetica Neue', sans-serif;\">&#8211; D\u00e9couverte de l&rsquo;univers du spectacle par le jeu, d\u00e9tournement d&rsquo;objets du quotidien<br \/>&#8211; Mise en mouvement collective d&rsquo;un r\u00e9cit personnel en lien avec le th\u00e8me du spectacle<br \/>&#8211; Doublage d&rsquo;un court m\u00e9trage d&rsquo;animation, recherche autour de la voix et du caract\u00e8re des personnages<br \/>&#8211; Temps de d\u00e9bat autour du th\u00e8me du spectacle et enregistrement de la bande-sonore<\/span><\/p><p>Les enfants furent invit\u00e9s \u00e0 aborder le spectacle par diff\u00e9rentes disciplines artistiques mais aussi et surtout par leurs propres v\u00e9cus et leur propres mots.<br \/><br \/><strong>Le court m\u00e9trage :<\/strong><\/p>\t\t\t\t\t\t\t\t<\/div>\n\t\t\t\t<\/div>\n\t\t\t\t<div class=\"elementor-element elementor-element-c9df012 elementor-widget elementor-widget-video\" data-id=\"c9df012\" data-element_type=\"widget\" data-settings=\"{&quot;youtube_url&quot;:&quot;https:\\\/\\\/youtu.be\\\/gyJ2FivA6NQ&quot;,&quot;video_type&quot;:&quot;youtube&quot;,&quot;controls&quot;:&quot;yes&quot;}\" data-widget_type=\"video.default\">\n\t\t\t\t<div class=\"elementor-widget-container\">\n\t\t\t\t\t\t\t<div class=\"elementor-wrapper elementor-open-inline\">\n\t\t\t<div class=\"elementor-video\"><\/div>\t\t<\/div>\n\t\t\t\t\t\t<\/div>\n\t\t\t\t<\/div>\n\t\t\t\t\t<\/div>\n\t\t<\/div>\n\t\t\t\t\t<\/div>\n\t\t<\/section>\n\t\t\t\t<section class=\"elementor-section elementor-top-section elementor-element elementor-element-9c731f2 elementor-section-boxed elementor-section-height-default elementor-section-height-default qodef-elementor-content-no\" data-id=\"9c731f2\" data-element_type=\"section\">\n\t\t\t\t\t\t<div class=\"elementor-container elementor-column-gap-default\">\n\t\t\t\t\t<div class=\"elementor-column elementor-col-100 elementor-top-column elementor-element elementor-element-b50b5a2\" data-id=\"b50b5a2\" data-element_type=\"column\">\n\t\t\t<div class=\"elementor-widget-wrap elementor-element-populated\">\n\t\t\t\t\t\t<div class=\"elementor-element elementor-element-cf612dc elementor-widget elementor-widget-text-editor\" data-id=\"cf612dc\" data-element_type=\"widget\" data-widget_type=\"text-editor.default\">\n\t\t\t\t<div class=\"elementor-widget-container\">\n\t\t\t\t\t\t\t\t\t<div class=\"page\" title=\"Page 7\"><div class=\"section\"><div class=\"layoutArea\"><div class=\"column\"><div class=\"page\" title=\"Page 7\"><div class=\"section\"><div class=\"layoutArea\"><div class=\"column\"><p>Puisque cette cre\u0301ation est ne\u0301e d&rsquo;une expe\u0301rience collective, nous souhaitons qu&rsquo;elle continue a\u0300 grandir au contact de nouvelles personnes. Nous voulons que nos ide\u0301es voyagent au-dela\u0300 de notre e\u0301quipe artistique. Qu&rsquo;elles s&rsquo;ouvrent a\u0300 de nouvelles sensibilite\u0301s et interpre\u0301tations. C\u2019est pourquoi la conception d\u2019ateliers de me\u0301diation constitue une partie importante de notre processus de cre\u0301ation.<\/p><p>Comment construire un univers avec une couette, deux coussins et une lampe de chevet ? Comment chor\u00e9graphier une bataille d\u2019oreillers ? Dans ces ateliers nous d\u00e9tournerons les objets et les gestes du quotidien. Et nous nous poserons une question :\u00a0\u00a0\u00e0 quel \u00e2ge sommes-nous devenus grands ? Une aventure cr\u00e9ative pour diff\u00e9rentes tranches de vie :<\/p><ul><li>En famille (Interg\u00e9n\u00e9rationnel)<\/li><li>Petite enfance (De 10 mois \u00e0 3 ans)<\/li><li>En classe, du CP \u00e0 la 6\u00e8me (Contenu adapt\u00e9 par \u00e2ge)<\/li><li>Pour les \u00e9tudiants et professionnels de la culture et de l&rsquo;\u00e9ducation<\/li><\/ul><\/div><\/div><\/div><\/div><\/div><\/div><\/div><\/div>\t\t\t\t\t\t\t\t<\/div>\n\t\t\t\t<\/div>\n\t\t\t\t<div class=\"elementor-element elementor-element-f0ec392 elementor-align-center elementor-mobile-align-center e-transform elementor-widget elementor-widget-button\" data-id=\"f0ec392\" data-element_type=\"widget\" data-settings=\"{&quot;_transform_scale_effect&quot;:{&quot;unit&quot;:&quot;px&quot;,&quot;size&quot;:&quot;&quot;,&quot;sizes&quot;:[]},&quot;_transform_scale_effect_tablet&quot;:{&quot;unit&quot;:&quot;px&quot;,&quot;size&quot;:&quot;&quot;,&quot;sizes&quot;:[]},&quot;_transform_scale_effect_mobile&quot;:{&quot;unit&quot;:&quot;px&quot;,&quot;size&quot;:&quot;&quot;,&quot;sizes&quot;:[]}}\" data-widget_type=\"button.default\">\n\t\t\t\t<div class=\"elementor-widget-container\">\n\t\t\t\t\t\t\t\t\t<div class=\"elementor-button-wrapper\">\n\t\t\t\t\t<a class=\"elementor-button elementor-button-link elementor-size-sm\" href=\"https:\/\/lesnuageux.org\/index.php\/agenda\/\">\n\t\t\t\t\t\t<span class=\"elementor-button-content-wrapper\">\n\t\t\t\t\t\t\t\t\t<span class=\"elementor-button-text\">Agenda<\/span>\n\t\t\t\t\t<\/span>\n\t\t\t\t\t<\/a>\n\t\t\t\t<\/div>\n\t\t\t\t\t\t\t\t<\/div>\n\t\t\t\t<\/div>\n\t\t\t\t\t<\/div>\n\t\t<\/div>\n\t\t\t\t\t<\/div>\n\t\t<\/section>\n\t\t\t\t<section class=\"elementor-section elementor-top-section elementor-element elementor-element-2ac4bb5 elementor-section-boxed elementor-section-height-default elementor-section-height-default qodef-elementor-content-no\" data-id=\"2ac4bb5\" data-element_type=\"section\">\n\t\t\t\t\t\t<div class=\"elementor-container elementor-column-gap-default\">\n\t\t\t\t\t<div class=\"elementor-column elementor-col-100 elementor-top-column elementor-element elementor-element-3c03f15\" data-id=\"3c03f15\" data-element_type=\"column\">\n\t\t\t<div class=\"elementor-widget-wrap elementor-element-populated\">\n\t\t\t\t\t\t<div class=\"elementor-element elementor-element-2461c15 elementor-widget elementor-widget-image\" data-id=\"2461c15\" data-element_type=\"widget\" data-widget_type=\"image.default\">\n\t\t\t\t<div class=\"elementor-widget-container\">\n\t\t\t\t\t\t\t\t\t\t\t\t\t\t\t<img loading=\"lazy\" decoding=\"async\" width=\"1024\" height=\"205\" src=\"https:\/\/lesnuageux.org\/wp-content\/uploads\/2025\/02\/20-2-1024x205.png\" class=\"attachment-large size-large wp-image-1201\" alt=\"Texte : Distribution\" srcset=\"https:\/\/lesnuageux.org\/wp-content\/uploads\/2025\/02\/20-2-1024x205.png 1024w, https:\/\/lesnuageux.org\/wp-content\/uploads\/2025\/02\/20-2-300x60.png 300w, https:\/\/lesnuageux.org\/wp-content\/uploads\/2025\/02\/20-2-768x153.png 768w, https:\/\/lesnuageux.org\/wp-content\/uploads\/2025\/02\/20-2.png 1181w\" sizes=\"(max-width: 1024px) 100vw, 1024px\" \/>\t\t\t\t\t\t\t\t\t\t\t\t\t\t\t<\/div>\n\t\t\t\t<\/div>\n\t\t\t\t\t<\/div>\n\t\t<\/div>\n\t\t\t\t\t<\/div>\n\t\t<\/section>\n\t\t\t\t<section class=\"elementor-section elementor-top-section elementor-element elementor-element-431c49d elementor-section-boxed elementor-section-height-default elementor-section-height-default qodef-elementor-content-no\" data-id=\"431c49d\" data-element_type=\"section\">\n\t\t\t\t\t\t<div class=\"elementor-container elementor-column-gap-default\">\n\t\t\t\t\t<div class=\"elementor-column elementor-col-100 elementor-top-column elementor-element elementor-element-c6faba4\" data-id=\"c6faba4\" data-element_type=\"column\">\n\t\t\t<div class=\"elementor-widget-wrap elementor-element-populated\">\n\t\t\t\t\t\t<div class=\"elementor-element elementor-element-8e83e41 elementor-widget elementor-widget-text-editor\" data-id=\"8e83e41\" data-element_type=\"widget\" data-widget_type=\"text-editor.default\">\n\t\t\t\t<div class=\"elementor-widget-container\">\n\t\t\t\t\t\t\t\t\t<div title=\"Page 7\">\n<div>\n<div>\n<div>\n<p><span style=\"color: #95839d;\"><b>Ad\u00e9lie Ester <\/b><span style=\"color: #333333;\">Dramaturgie, composition musicale, interpr\u00e9tation (France)<br><\/span><\/span><span style=\"color: rgb(149, 131, 157);\"><span style=\"font-weight: 700;\">Elena L\u00f3pez Nieto<\/span><\/span>&nbsp;Dramaturgie, interpr\u00e9tation (Espagne)<span style=\"color: #95839d;\"><span style=\"color: #333333;\"><br><\/span><\/span><span style=\"font-weight: 700; color: rgb(149, 131, 157);\">Fantine Mouronvalle <\/span><font color=\"#333333\" style=\"\">Interpr\u00e9tation (France)<\/font><br><span style=\"color: rgb(149, 131, 157);\"><span style=\"font-weight: 700;\">Javier Cala Espadero<\/span><\/span>&nbsp;Interpr\u00e9tation (Espagne)<br><strong><span style=\"color: #95839d;\">Mina Fristot<\/span><\/strong> Cr\u00e9ation costumes<br><strong><span style=\"color: #95839d;\">Yanice Zidoun<\/span><\/strong> Cr\u00e9ation lumi\u00e8re, technique son<br><strong><span style=\"color: #95839d;\">Pilar Duque de Estrada<\/span><\/strong> Soutien cr\u00e9ation d&rsquo;accessoires<br><strong><span style=\"color: #95839d;\">Les classes de CE1A et 6\u00e8meC de l&rsquo;Ensemble Scolaire Les Tilleuls, Gr\u00e9gory Ester, Marie-Magdeleine Ga\u00efda<\/span><\/strong> Cr\u00e9ation vocale<\/p>\n<\/div>\n<\/div>\n<\/div>\n<\/div>\t\t\t\t\t\t\t\t<\/div>\n\t\t\t\t<\/div>\n\t\t\t\t\t<\/div>\n\t\t<\/div>\n\t\t\t\t\t<\/div>\n\t\t<\/section>\n\t\t\t\t<section class=\"elementor-section elementor-top-section elementor-element elementor-element-d1f934a elementor-section-boxed elementor-section-height-default elementor-section-height-default qodef-elementor-content-no\" data-id=\"d1f934a\" data-element_type=\"section\">\n\t\t\t\t\t\t<div class=\"elementor-container elementor-column-gap-default\">\n\t\t\t\t\t<div class=\"elementor-column elementor-col-100 elementor-top-column elementor-element elementor-element-4f612ec\" data-id=\"4f612ec\" data-element_type=\"column\">\n\t\t\t<div class=\"elementor-widget-wrap elementor-element-populated\">\n\t\t\t\t\t\t<div class=\"elementor-element elementor-element-595b5b8 elementor-widget elementor-widget-image\" data-id=\"595b5b8\" data-element_type=\"widget\" data-widget_type=\"image.default\">\n\t\t\t\t<div class=\"elementor-widget-container\">\n\t\t\t\t\t\t\t\t\t\t\t\t\t\t\t<img loading=\"lazy\" decoding=\"async\" width=\"1024\" height=\"205\" src=\"https:\/\/lesnuageux.org\/wp-content\/uploads\/2025\/02\/Jose-Luis-Ruiz-Noguero-4-1024x205.png\" class=\"attachment-large size-large wp-image-1212\" alt=\"Texte : Coproduction, soutien et accueil\" srcset=\"https:\/\/lesnuageux.org\/wp-content\/uploads\/2025\/02\/Jose-Luis-Ruiz-Noguero-4-1024x205.png 1024w, https:\/\/lesnuageux.org\/wp-content\/uploads\/2025\/02\/Jose-Luis-Ruiz-Noguero-4-300x60.png 300w, https:\/\/lesnuageux.org\/wp-content\/uploads\/2025\/02\/Jose-Luis-Ruiz-Noguero-4-768x153.png 768w, https:\/\/lesnuageux.org\/wp-content\/uploads\/2025\/02\/Jose-Luis-Ruiz-Noguero-4.png 1181w\" sizes=\"(max-width: 1024px) 100vw, 1024px\" \/>\t\t\t\t\t\t\t\t\t\t\t\t\t\t\t<\/div>\n\t\t\t\t<\/div>\n\t\t\t\t\t<\/div>\n\t\t<\/div>\n\t\t\t\t\t<\/div>\n\t\t<\/section>\n\t\t\t\t<section class=\"elementor-section elementor-top-section elementor-element elementor-element-753e016 elementor-section-boxed elementor-section-height-default elementor-section-height-default qodef-elementor-content-no\" data-id=\"753e016\" data-element_type=\"section\">\n\t\t\t\t\t\t<div class=\"elementor-container elementor-column-gap-default\">\n\t\t\t\t\t<div class=\"elementor-column elementor-col-33 elementor-top-column elementor-element elementor-element-fbdfaee\" data-id=\"fbdfaee\" data-element_type=\"column\">\n\t\t\t<div class=\"elementor-widget-wrap elementor-element-populated\">\n\t\t\t\t\t\t<div class=\"elementor-element elementor-element-65ea8bc elementor-widget elementor-widget-image\" data-id=\"65ea8bc\" data-element_type=\"widget\" data-widget_type=\"image.default\">\n\t\t\t\t<div class=\"elementor-widget-container\">\n\t\t\t\t\t\t\t\t\t\t\t\t\t\t\t<img loading=\"lazy\" decoding=\"async\" width=\"350\" height=\"172\" src=\"https:\/\/lesnuageux.org\/wp-content\/uploads\/2025\/02\/Captura-de-pantalla-2025-02-11-a-las-11.38.07.png\" class=\"attachment-large size-large wp-image-1209\" alt=\"\" srcset=\"https:\/\/lesnuageux.org\/wp-content\/uploads\/2025\/02\/Captura-de-pantalla-2025-02-11-a-las-11.38.07.png 350w, https:\/\/lesnuageux.org\/wp-content\/uploads\/2025\/02\/Captura-de-pantalla-2025-02-11-a-las-11.38.07-300x147.png 300w\" sizes=\"(max-width: 350px) 100vw, 350px\" \/>\t\t\t\t\t\t\t\t\t\t\t\t\t\t\t<\/div>\n\t\t\t\t<\/div>\n\t\t\t\t\t<\/div>\n\t\t<\/div>\n\t\t\t\t<div class=\"elementor-column elementor-col-66 elementor-top-column elementor-element elementor-element-13b7259\" data-id=\"13b7259\" data-element_type=\"column\">\n\t\t\t<div class=\"elementor-widget-wrap elementor-element-populated\">\n\t\t\t\t\t\t<div class=\"elementor-element elementor-element-00c0b88 elementor-widget elementor-widget-text-editor\" data-id=\"00c0b88\" data-element_type=\"widget\" data-widget_type=\"text-editor.default\">\n\t\t\t\t<div class=\"elementor-widget-container\">\n\t\t\t\t\t\t\t\t\t<p><strong>MOVE arte para todos<\/strong> : Coproduction<\/p>\t\t\t\t\t\t\t\t<\/div>\n\t\t\t\t<\/div>\n\t\t\t\t\t<\/div>\n\t\t<\/div>\n\t\t\t\t\t<\/div>\n\t\t<\/section>\n\t\t\t\t<section class=\"elementor-section elementor-top-section elementor-element elementor-element-b8a69b0 elementor-section-boxed elementor-section-height-default elementor-section-height-default qodef-elementor-content-no\" data-id=\"b8a69b0\" data-element_type=\"section\">\n\t\t\t\t\t\t<div class=\"elementor-container elementor-column-gap-default\">\n\t\t\t\t\t<div class=\"elementor-column elementor-col-33 elementor-top-column elementor-element elementor-element-4ee5b79\" data-id=\"4ee5b79\" data-element_type=\"column\">\n\t\t\t<div class=\"elementor-widget-wrap elementor-element-populated\">\n\t\t\t\t\t\t<div class=\"elementor-element elementor-element-144199c elementor-widget elementor-widget-image\" data-id=\"144199c\" data-element_type=\"widget\" data-widget_type=\"image.default\">\n\t\t\t\t<div class=\"elementor-widget-container\">\n\t\t\t\t\t\t\t\t\t\t\t\t\t\t\t<img loading=\"lazy\" decoding=\"async\" width=\"584\" height=\"126\" src=\"https:\/\/lesnuageux.org\/wp-content\/uploads\/2025\/02\/Captura-de-pantalla-2025-02-11-a-las-11.33.59.png\" class=\"attachment-large size-large wp-image-1207\" alt=\"Logo : Madrid Cultura, turismo y deporte\" srcset=\"https:\/\/lesnuageux.org\/wp-content\/uploads\/2025\/02\/Captura-de-pantalla-2025-02-11-a-las-11.33.59.png 584w, https:\/\/lesnuageux.org\/wp-content\/uploads\/2025\/02\/Captura-de-pantalla-2025-02-11-a-las-11.33.59-300x65.png 300w\" sizes=\"(max-width: 584px) 100vw, 584px\" \/>\t\t\t\t\t\t\t\t\t\t\t\t\t\t\t<\/div>\n\t\t\t\t<\/div>\n\t\t\t\t\t<\/div>\n\t\t<\/div>\n\t\t\t\t<div class=\"elementor-column elementor-col-66 elementor-top-column elementor-element elementor-element-f376195\" data-id=\"f376195\" data-element_type=\"column\">\n\t\t\t<div class=\"elementor-widget-wrap elementor-element-populated\">\n\t\t\t\t\t\t<div class=\"elementor-element elementor-element-e58be80 elementor-widget elementor-widget-text-editor\" data-id=\"e58be80\" data-element_type=\"widget\" data-widget_type=\"text-editor.default\">\n\t\t\t\t<div class=\"elementor-widget-container\">\n\t\t\t\t\t\t\t\t\t<p><strong>Ville de Madrid<\/strong> : <span style=\"font-size: 16px;\">Programme d\u2019aides a\u0300 la cre\u0301ation et la mobilite\u0301<\/span><\/p>\t\t\t\t\t\t\t\t<\/div>\n\t\t\t\t<\/div>\n\t\t\t\t\t<\/div>\n\t\t<\/div>\n\t\t\t\t\t<\/div>\n\t\t<\/section>\n\t\t\t\t<section class=\"elementor-section elementor-top-section elementor-element elementor-element-1e5152f elementor-section-boxed elementor-section-height-default elementor-section-height-default qodef-elementor-content-no\" data-id=\"1e5152f\" data-element_type=\"section\">\n\t\t\t\t\t\t<div class=\"elementor-container elementor-column-gap-default\">\n\t\t\t\t\t<div class=\"elementor-column elementor-col-33 elementor-top-column elementor-element elementor-element-5329a41\" data-id=\"5329a41\" data-element_type=\"column\">\n\t\t\t<div class=\"elementor-widget-wrap elementor-element-populated\">\n\t\t\t\t\t\t<div class=\"elementor-element elementor-element-0f1de08 elementor-widget elementor-widget-image\" data-id=\"0f1de08\" data-element_type=\"widget\" data-widget_type=\"image.default\">\n\t\t\t\t<div class=\"elementor-widget-container\">\n\t\t\t\t\t\t\t\t\t\t\t\t\t\t\t<img loading=\"lazy\" decoding=\"async\" width=\"348\" height=\"160\" src=\"https:\/\/lesnuageux.org\/wp-content\/uploads\/2025\/02\/Captura-de-pantalla-2025-02-11-a-las-11.34.20.png\" class=\"attachment-large size-large wp-image-1206\" alt=\"\" srcset=\"https:\/\/lesnuageux.org\/wp-content\/uploads\/2025\/02\/Captura-de-pantalla-2025-02-11-a-las-11.34.20.png 348w, https:\/\/lesnuageux.org\/wp-content\/uploads\/2025\/02\/Captura-de-pantalla-2025-02-11-a-las-11.34.20-300x138.png 300w\" sizes=\"(max-width: 348px) 100vw, 348px\" \/>\t\t\t\t\t\t\t\t\t\t\t\t\t\t\t<\/div>\n\t\t\t\t<\/div>\n\t\t\t\t\t<\/div>\n\t\t<\/div>\n\t\t\t\t<div class=\"elementor-column elementor-col-66 elementor-top-column elementor-element elementor-element-ea57996\" data-id=\"ea57996\" data-element_type=\"column\">\n\t\t\t<div class=\"elementor-widget-wrap elementor-element-populated\">\n\t\t\t\t\t\t<div class=\"elementor-element elementor-element-a956669 elementor-widget elementor-widget-text-editor\" data-id=\"a956669\" data-element_type=\"widget\" data-widget_type=\"text-editor.default\">\n\t\t\t\t<div class=\"elementor-widget-container\">\n\t\t\t\t\t\t\t\t\t<p><b>Universit\u00e9 Grenoble Alpes<\/b> : <span style=\"font-size: 16px;\">Labellisation \u00ab\u00a0Convention d&rsquo;objectifs et de moyens\u00a0\u00bb<\/span><\/p>\t\t\t\t\t\t\t\t<\/div>\n\t\t\t\t<\/div>\n\t\t\t\t\t<\/div>\n\t\t<\/div>\n\t\t\t\t\t<\/div>\n\t\t<\/section>\n\t\t\t\t<section class=\"elementor-section elementor-top-section elementor-element elementor-element-fb6c92d elementor-section-boxed elementor-section-height-default elementor-section-height-default qodef-elementor-content-no\" data-id=\"fb6c92d\" data-element_type=\"section\">\n\t\t\t\t\t\t<div class=\"elementor-container elementor-column-gap-default\">\n\t\t\t\t\t<div class=\"elementor-column elementor-col-33 elementor-top-column elementor-element elementor-element-3077b00\" data-id=\"3077b00\" data-element_type=\"column\">\n\t\t\t<div class=\"elementor-widget-wrap elementor-element-populated\">\n\t\t\t\t\t\t<div class=\"elementor-element elementor-element-0e2d938 elementor-widget elementor-widget-image\" data-id=\"0e2d938\" data-element_type=\"widget\" data-widget_type=\"image.default\">\n\t\t\t\t<div class=\"elementor-widget-container\">\n\t\t\t\t\t\t\t\t\t\t\t\t\t\t\t<img loading=\"lazy\" decoding=\"async\" width=\"342\" height=\"152\" src=\"https:\/\/lesnuageux.org\/wp-content\/uploads\/2025\/02\/Captura-de-pantalla-2025-02-11-a-las-11.34.25.png\" class=\"attachment-large size-large wp-image-1205\" alt=\"Logo CROUS\" srcset=\"https:\/\/lesnuageux.org\/wp-content\/uploads\/2025\/02\/Captura-de-pantalla-2025-02-11-a-las-11.34.25.png 342w, https:\/\/lesnuageux.org\/wp-content\/uploads\/2025\/02\/Captura-de-pantalla-2025-02-11-a-las-11.34.25-300x133.png 300w\" sizes=\"(max-width: 342px) 100vw, 342px\" \/>\t\t\t\t\t\t\t\t\t\t\t\t\t\t\t<\/div>\n\t\t\t\t<\/div>\n\t\t\t\t\t<\/div>\n\t\t<\/div>\n\t\t\t\t<div class=\"elementor-column elementor-col-66 elementor-top-column elementor-element elementor-element-5a5adac\" data-id=\"5a5adac\" data-element_type=\"column\">\n\t\t\t<div class=\"elementor-widget-wrap elementor-element-populated\">\n\t\t\t\t\t\t<div class=\"elementor-element elementor-element-fc86515 elementor-widget elementor-widget-text-editor\" data-id=\"fc86515\" data-element_type=\"widget\" data-widget_type=\"text-editor.default\">\n\t\t\t\t<div class=\"elementor-widget-container\">\n\t\t\t\t\t\t\t\t\t<p><b>Service culturel du CROUS<\/b> : Subvention \u00ab\u00a0Culture Actions\u00a0\u00bb<\/p>\t\t\t\t\t\t\t\t<\/div>\n\t\t\t\t<\/div>\n\t\t\t\t\t<\/div>\n\t\t<\/div>\n\t\t\t\t\t<\/div>\n\t\t<\/section>\n\t\t\t\t<section class=\"elementor-section elementor-top-section elementor-element elementor-element-175ec86 elementor-section-boxed elementor-section-height-default elementor-section-height-default qodef-elementor-content-no\" data-id=\"175ec86\" data-element_type=\"section\">\n\t\t\t\t\t\t<div class=\"elementor-container elementor-column-gap-default\">\n\t\t\t\t\t<div class=\"elementor-column elementor-col-33 elementor-top-column elementor-element elementor-element-60b80cc\" data-id=\"60b80cc\" data-element_type=\"column\">\n\t\t\t<div class=\"elementor-widget-wrap elementor-element-populated\">\n\t\t\t\t\t\t<div class=\"elementor-element elementor-element-9eb723d elementor-widget elementor-widget-image\" data-id=\"9eb723d\" data-element_type=\"widget\" data-widget_type=\"image.default\">\n\t\t\t\t<div class=\"elementor-widget-container\">\n\t\t\t\t\t\t\t\t\t\t\t\t\t\t\t<img loading=\"lazy\" decoding=\"async\" width=\"400\" height=\"400\" src=\"https:\/\/lesnuageux.org\/wp-content\/uploads\/2025\/02\/logo-le-pacifique-long-bleu-677ea20527228-677ea9a330fd1-.png\" class=\"attachment-large size-large wp-image-1208\" alt=\"\" srcset=\"https:\/\/lesnuageux.org\/wp-content\/uploads\/2025\/02\/logo-le-pacifique-long-bleu-677ea20527228-677ea9a330fd1-.png 400w, https:\/\/lesnuageux.org\/wp-content\/uploads\/2025\/02\/logo-le-pacifique-long-bleu-677ea20527228-677ea9a330fd1--300x300.png 300w, https:\/\/lesnuageux.org\/wp-content\/uploads\/2025\/02\/logo-le-pacifique-long-bleu-677ea20527228-677ea9a330fd1--150x150.png 150w\" sizes=\"(max-width: 400px) 100vw, 400px\" \/>\t\t\t\t\t\t\t\t\t\t\t\t\t\t\t<\/div>\n\t\t\t\t<\/div>\n\t\t\t\t\t<\/div>\n\t\t<\/div>\n\t\t\t\t<div class=\"elementor-column elementor-col-66 elementor-top-column elementor-element elementor-element-5893a74\" data-id=\"5893a74\" data-element_type=\"column\">\n\t\t\t<div class=\"elementor-widget-wrap elementor-element-populated\">\n\t\t\t\t\t\t<div class=\"elementor-element elementor-element-f46f5e6 elementor-widget elementor-widget-text-editor\" data-id=\"f46f5e6\" data-element_type=\"widget\" data-widget_type=\"text-editor.default\">\n\t\t\t\t<div class=\"elementor-widget-container\">\n\t\t\t\t\t\t\t\t\t<p><b>Centre de D\u00e9veloppement Chor\u00e9graphique National de Grenoble Le Pacifique<\/b>\u00a0: Programme d&rsquo;accompagnement et d&rsquo;insertion professionnelle (impuls\u00e9 par le Minist\u00e8re de la Culture)<\/p>\t\t\t\t\t\t\t\t<\/div>\n\t\t\t\t<\/div>\n\t\t\t\t\t<\/div>\n\t\t<\/div>\n\t\t\t\t\t<\/div>\n\t\t<\/section>\n\t\t\t\t<section class=\"elementor-section elementor-top-section elementor-element elementor-element-5fab7ca elementor-section-boxed elementor-section-height-default elementor-section-height-default qodef-elementor-content-no\" data-id=\"5fab7ca\" data-element_type=\"section\">\n\t\t\t\t\t\t<div class=\"elementor-container elementor-column-gap-default\">\n\t\t\t\t\t<div class=\"elementor-column elementor-col-33 elementor-top-column elementor-element elementor-element-b9ac5a9\" data-id=\"b9ac5a9\" data-element_type=\"column\">\n\t\t\t<div class=\"elementor-widget-wrap elementor-element-populated\">\n\t\t\t\t\t\t<div class=\"elementor-element elementor-element-8e587cd elementor-widget elementor-widget-image\" data-id=\"8e587cd\" data-element_type=\"widget\" data-widget_type=\"image.default\">\n\t\t\t\t<div class=\"elementor-widget-container\">\n\t\t\t\t\t\t\t\t\t\t\t\t\t\t\t<img loading=\"lazy\" decoding=\"async\" width=\"392\" height=\"190\" src=\"https:\/\/lesnuageux.org\/wp-content\/uploads\/2025\/02\/Captura-de-pantalla-2025-02-11-a-las-11.34.30.png\" class=\"attachment-large size-large wp-image-1204\" alt=\"\" srcset=\"https:\/\/lesnuageux.org\/wp-content\/uploads\/2025\/02\/Captura-de-pantalla-2025-02-11-a-las-11.34.30.png 392w, https:\/\/lesnuageux.org\/wp-content\/uploads\/2025\/02\/Captura-de-pantalla-2025-02-11-a-las-11.34.30-300x145.png 300w\" sizes=\"(max-width: 392px) 100vw, 392px\" \/>\t\t\t\t\t\t\t\t\t\t\t\t\t\t\t<\/div>\n\t\t\t\t<\/div>\n\t\t\t\t\t<\/div>\n\t\t<\/div>\n\t\t\t\t<div class=\"elementor-column elementor-col-66 elementor-top-column elementor-element elementor-element-73e1348\" data-id=\"73e1348\" data-element_type=\"column\">\n\t\t\t<div class=\"elementor-widget-wrap elementor-element-populated\">\n\t\t\t\t\t\t<div class=\"elementor-element elementor-element-8a4856e elementor-widget elementor-widget-text-editor\" data-id=\"8a4856e\" data-element_type=\"widget\" data-widget_type=\"text-editor.default\">\n\t\t\t\t<div class=\"elementor-widget-container\">\n\t\t\t\t\t\t\t\t\t<p><b>Ensemble Scolaire Les Tilleuls<\/b> : <span style=\"font-size: 16px;\">Mise a\u0300 disposition d\u2019espaces de re\u0301pe\u0301tition sur temps long, organisation d\u2019un projet de me\u0301diation<\/span><\/p>\t\t\t\t\t\t\t\t<\/div>\n\t\t\t\t<\/div>\n\t\t\t\t\t<\/div>\n\t\t<\/div>\n\t\t\t\t\t<\/div>\n\t\t<\/section>\n\t\t\t\t<section class=\"elementor-section elementor-top-section elementor-element elementor-element-96d56d3 elementor-section-boxed elementor-section-height-default elementor-section-height-default qodef-elementor-content-no\" data-id=\"96d56d3\" data-element_type=\"section\">\n\t\t\t\t\t\t<div class=\"elementor-container elementor-column-gap-default\">\n\t\t\t\t\t<div class=\"elementor-column elementor-col-33 elementor-top-column elementor-element elementor-element-89b6f0f\" data-id=\"89b6f0f\" data-element_type=\"column\">\n\t\t\t<div class=\"elementor-widget-wrap elementor-element-populated\">\n\t\t\t\t\t\t<div class=\"elementor-element elementor-element-ccc17da elementor-widget elementor-widget-image\" data-id=\"ccc17da\" data-element_type=\"widget\" data-widget_type=\"image.default\">\n\t\t\t\t<div class=\"elementor-widget-container\">\n\t\t\t\t\t\t\t\t\t\t\t\t\t\t\t<img loading=\"lazy\" decoding=\"async\" width=\"472\" height=\"270\" src=\"https:\/\/lesnuageux.org\/wp-content\/uploads\/2025\/02\/Captura-de-pantalla-2025-02-11-a-las-11.35.27.png\" class=\"attachment-large size-large wp-image-1203\" alt=\"\" srcset=\"https:\/\/lesnuageux.org\/wp-content\/uploads\/2025\/02\/Captura-de-pantalla-2025-02-11-a-las-11.35.27.png 472w, https:\/\/lesnuageux.org\/wp-content\/uploads\/2025\/02\/Captura-de-pantalla-2025-02-11-a-las-11.35.27-300x172.png 300w\" sizes=\"(max-width: 472px) 100vw, 472px\" \/>\t\t\t\t\t\t\t\t\t\t\t\t\t\t\t<\/div>\n\t\t\t\t<\/div>\n\t\t\t\t\t<\/div>\n\t\t<\/div>\n\t\t\t\t<div class=\"elementor-column elementor-col-66 elementor-top-column elementor-element elementor-element-6f3f5e5\" data-id=\"6f3f5e5\" data-element_type=\"column\">\n\t\t\t<div class=\"elementor-widget-wrap elementor-element-populated\">\n\t\t\t\t\t\t<div class=\"elementor-element elementor-element-93c8026 elementor-widget elementor-widget-text-editor\" data-id=\"93c8026\" data-element_type=\"widget\" data-widget_type=\"text-editor.default\">\n\t\t\t\t<div class=\"elementor-widget-container\">\n\t\t\t\t\t\t\t\t\t<p><b>Centre National de la Danse de Lyon<\/b> : <span style=\"font-size: 16px;\">Invitation a\u0300 pre\u0301senter une e\u0301tape de cre\u0301ation lors d\u2019une journe\u0301e professionnelle.<\/span><\/p>\t\t\t\t\t\t\t\t<\/div>\n\t\t\t\t<\/div>\n\t\t\t\t\t<\/div>\n\t\t<\/div>\n\t\t\t\t\t<\/div>\n\t\t<\/section>\n\t\t\t\t<section class=\"elementor-section elementor-top-section elementor-element elementor-element-e673706 elementor-section-boxed elementor-section-height-default elementor-section-height-default qodef-elementor-content-no\" data-id=\"e673706\" data-element_type=\"section\">\n\t\t\t\t\t\t<div class=\"elementor-container elementor-column-gap-default\">\n\t\t\t\t\t<div class=\"elementor-column elementor-col-33 elementor-top-column elementor-element elementor-element-ed5374c\" data-id=\"ed5374c\" data-element_type=\"column\">\n\t\t\t<div class=\"elementor-widget-wrap elementor-element-populated\">\n\t\t\t\t\t\t<div class=\"elementor-element elementor-element-1a19662 elementor-widget elementor-widget-image\" data-id=\"1a19662\" data-element_type=\"widget\" data-widget_type=\"image.default\">\n\t\t\t\t<div class=\"elementor-widget-container\">\n\t\t\t\t\t\t\t\t\t\t\t\t\t\t\t<img loading=\"lazy\" decoding=\"async\" width=\"522\" height=\"312\" src=\"https:\/\/lesnuageux.org\/wp-content\/uploads\/2025\/02\/Captura-de-pantalla-2025-02-11-a-las-11.48.14.png\" class=\"attachment-large size-large wp-image-1210\" alt=\"Logo : Maison de la cr\u00e9ation et de l&#039;innovation\" srcset=\"https:\/\/lesnuageux.org\/wp-content\/uploads\/2025\/02\/Captura-de-pantalla-2025-02-11-a-las-11.48.14.png 522w, https:\/\/lesnuageux.org\/wp-content\/uploads\/2025\/02\/Captura-de-pantalla-2025-02-11-a-las-11.48.14-300x179.png 300w\" sizes=\"(max-width: 522px) 100vw, 522px\" \/>\t\t\t\t\t\t\t\t\t\t\t\t\t\t\t<\/div>\n\t\t\t\t<\/div>\n\t\t\t\t\t<\/div>\n\t\t<\/div>\n\t\t\t\t<div class=\"elementor-column elementor-col-66 elementor-top-column elementor-element elementor-element-ccbb8a7\" data-id=\"ccbb8a7\" data-element_type=\"column\">\n\t\t\t<div class=\"elementor-widget-wrap elementor-element-populated\">\n\t\t\t\t\t\t<div class=\"elementor-element elementor-element-1825ff9 elementor-widget elementor-widget-text-editor\" data-id=\"1825ff9\" data-element_type=\"widget\" data-widget_type=\"text-editor.default\">\n\t\t\t\t<div class=\"elementor-widget-container\">\n\t\t\t\t\t\t\t\t\t<p><b>Maison de la Cr\u00e9ation et de l&rsquo;Innovation<\/b> : <span style=\"font-size: 16px;\">Mise a\u0300 disposition d\u2019espaces de re\u0301pe\u0301tition<\/span><\/p>\t\t\t\t\t\t\t\t<\/div>\n\t\t\t\t<\/div>\n\t\t\t\t\t<\/div>\n\t\t<\/div>\n\t\t\t\t\t<\/div>\n\t\t<\/section>\n\t\t\t\t<section class=\"elementor-section elementor-top-section elementor-element elementor-element-8fe1de8 elementor-section-boxed elementor-section-height-default elementor-section-height-default qodef-elementor-content-no\" data-id=\"8fe1de8\" data-element_type=\"section\">\n\t\t\t\t\t\t<div class=\"elementor-container elementor-column-gap-default\">\n\t\t\t\t\t<div class=\"elementor-column elementor-col-33 elementor-top-column elementor-element elementor-element-ea9d875\" data-id=\"ea9d875\" data-element_type=\"column\">\n\t\t\t<div class=\"elementor-widget-wrap elementor-element-populated\">\n\t\t\t\t\t\t<div class=\"elementor-element elementor-element-5ce4c56 elementor-widget elementor-widget-image\" data-id=\"5ce4c56\" data-element_type=\"widget\" data-widget_type=\"image.default\">\n\t\t\t\t<div class=\"elementor-widget-container\">\n\t\t\t\t\t\t\t\t\t\t\t\t\t\t\t<img loading=\"lazy\" decoding=\"async\" width=\"268\" height=\"228\" src=\"https:\/\/lesnuageux.org\/wp-content\/uploads\/2025\/02\/Captura-de-pantalla-2025-02-11-a-las-11.56.55.png\" class=\"attachment-large size-large wp-image-1211\" alt=\"Logo : Aula de Musicas\" \/>\t\t\t\t\t\t\t\t\t\t\t\t\t\t\t<\/div>\n\t\t\t\t<\/div>\n\t\t\t\t\t<\/div>\n\t\t<\/div>\n\t\t\t\t<div class=\"elementor-column elementor-col-66 elementor-top-column elementor-element elementor-element-ddd3df7\" data-id=\"ddd3df7\" data-element_type=\"column\">\n\t\t\t<div class=\"elementor-widget-wrap elementor-element-populated\">\n\t\t\t\t\t\t<div class=\"elementor-element elementor-element-0578c26 elementor-widget elementor-widget-text-editor\" data-id=\"0578c26\" data-element_type=\"widget\" data-widget_type=\"text-editor.default\">\n\t\t\t\t<div class=\"elementor-widget-container\">\n\t\t\t\t\t\t\t\t\t<p><b>Aula de M\u00fasicas (Madrid, Espagne)<\/b> : <span style=\"font-size: 16px;\">Mise a\u0300 disposition d\u2019espaces de re\u0301pe\u0301tition<\/span><\/p>\t\t\t\t\t\t\t\t<\/div>\n\t\t\t\t<\/div>\n\t\t\t\t\t<\/div>\n\t\t<\/div>\n\t\t\t\t\t<\/div>\n\t\t<\/section>\n\t\t\t\t<section class=\"elementor-section elementor-top-section elementor-element elementor-element-116e354 elementor-section-boxed elementor-section-height-default elementor-section-height-default qodef-elementor-content-no\" data-id=\"116e354\" data-element_type=\"section\">\n\t\t\t\t\t\t<div class=\"elementor-container elementor-column-gap-default\">\n\t\t\t\t\t<div class=\"elementor-column elementor-col-33 elementor-top-column elementor-element elementor-element-40665d4\" data-id=\"40665d4\" data-element_type=\"column\">\n\t\t\t<div class=\"elementor-widget-wrap\">\n\t\t\t\t\t\t\t<\/div>\n\t\t<\/div>\n\t\t\t\t<div class=\"elementor-column elementor-col-66 elementor-top-column elementor-element elementor-element-bc0cc09\" data-id=\"bc0cc09\" data-element_type=\"column\">\n\t\t\t<div class=\"elementor-widget-wrap elementor-element-populated\">\n\t\t\t\t\t\t<div class=\"elementor-element elementor-element-01e5d01 elementor-widget elementor-widget-text-editor\" data-id=\"01e5d01\" data-element_type=\"widget\" data-widget_type=\"text-editor.default\">\n\t\t\t\t<div class=\"elementor-widget-container\">\n\t\t\t\t\t\t\t\t\t<p><b>EOAN Ballet (\u00c1vila, Espagne)<\/b> : <span style=\"font-size: 16px;\">Mise a\u0300 disposition d\u2019espaces de re\u0301pe\u0301tition<\/span><\/p>\t\t\t\t\t\t\t\t<\/div>\n\t\t\t\t<\/div>\n\t\t\t\t\t<\/div>\n\t\t<\/div>\n\t\t\t\t\t<\/div>\n\t\t<\/section>\n\t\t\t\t<section class=\"elementor-section elementor-top-section elementor-element elementor-element-329ae20 elementor-section-boxed elementor-section-height-default elementor-section-height-default qodef-elementor-content-no\" data-id=\"329ae20\" data-element_type=\"section\">\n\t\t\t\t\t\t<div class=\"elementor-container elementor-column-gap-default\">\n\t\t\t\t\t<div class=\"elementor-column elementor-col-100 elementor-top-column elementor-element elementor-element-27ae1a1\" data-id=\"27ae1a1\" data-element_type=\"column\">\n\t\t\t<div class=\"elementor-widget-wrap elementor-element-populated\">\n\t\t\t\t\t\t<div class=\"elementor-element elementor-element-a0fad96 elementor-widget elementor-widget-image\" data-id=\"a0fad96\" data-element_type=\"widget\" data-widget_type=\"image.default\">\n\t\t\t\t<div class=\"elementor-widget-container\">\n\t\t\t\t\t\t\t\t\t\t\t\t\t\t\t<img loading=\"lazy\" decoding=\"async\" width=\"1024\" height=\"205\" src=\"https:\/\/lesnuageux.org\/wp-content\/uploads\/2025\/02\/Jose-Luis-Ruiz-Noguero-7-1024x205.png\" class=\"attachment-large size-large wp-image-1256\" alt=\"\" srcset=\"https:\/\/lesnuageux.org\/wp-content\/uploads\/2025\/02\/Jose-Luis-Ruiz-Noguero-7-1024x205.png 1024w, https:\/\/lesnuageux.org\/wp-content\/uploads\/2025\/02\/Jose-Luis-Ruiz-Noguero-7-300x60.png 300w, https:\/\/lesnuageux.org\/wp-content\/uploads\/2025\/02\/Jose-Luis-Ruiz-Noguero-7-768x153.png 768w, https:\/\/lesnuageux.org\/wp-content\/uploads\/2025\/02\/Jose-Luis-Ruiz-Noguero-7.png 1181w\" sizes=\"(max-width: 1024px) 100vw, 1024px\" \/>\t\t\t\t\t\t\t\t\t\t\t\t\t\t\t<\/div>\n\t\t\t\t<\/div>\n\t\t\t\t\t<\/div>\n\t\t<\/div>\n\t\t\t\t\t<\/div>\n\t\t<\/section>\n\t\t\t\t<section class=\"elementor-section elementor-top-section elementor-element elementor-element-c938faa elementor-section-boxed elementor-section-height-default elementor-section-height-default qodef-elementor-content-no\" data-id=\"c938faa\" data-element_type=\"section\">\n\t\t\t\t\t\t<div class=\"elementor-container elementor-column-gap-default\">\n\t\t\t\t\t<div class=\"elementor-column elementor-col-100 elementor-top-column elementor-element elementor-element-d0949e4\" data-id=\"d0949e4\" data-element_type=\"column\">\n\t\t\t<div class=\"elementor-widget-wrap elementor-element-populated\">\n\t\t\t\t\t\t<div class=\"elementor-element elementor-element-5828888 elementor-widget elementor-widget-text-editor\" data-id=\"5828888\" data-element_type=\"widget\" data-widget_type=\"text-editor.default\">\n\t\t\t\t<div class=\"elementor-widget-container\">\n\t\t\t\t\t\t\t\t\t<div class=\"page\" title=\"Page 7\"><div class=\"section\"><div class=\"layoutArea\"><div class=\"column\"><p><span style=\"color: #95839d;\"><b>6 D\u00e9cembre 2023 <\/b><span style=\"color: #333333;\">Centre National de la Danse de Lyon : pr\u00e9sentation d&rsquo;une \u00e9tape de travail dans le cadre d&rsquo;une journ\u00e9e professionnelle<br \/><b><span style=\"color: #95839d;\">15 Octobre 2024<\/span> <\/b>Salle culturelle l&rsquo;Apart\u00e9 : repr\u00e9sentation<br \/><span style=\"color: #95839d;\"><b>30 Juin 2025 <\/b><\/span>Ensemble scolaire Les Tilleuls : repr\u00e9sentation, aboutissement du projet d&rsquo;EAC<br \/><\/span><\/span><\/p><\/div><\/div><\/div><\/div>\t\t\t\t\t\t\t\t<\/div>\n\t\t\t\t<\/div>\n\t\t\t\t\t<\/div>\n\t\t<\/div>\n\t\t\t\t\t<\/div>\n\t\t<\/section>\n\t\t\t\t<section class=\"elementor-section elementor-top-section elementor-element elementor-element-07b84cf elementor-section-boxed elementor-section-height-default elementor-section-height-default qodef-elementor-content-no\" data-id=\"07b84cf\" data-element_type=\"section\">\n\t\t\t\t\t\t<div class=\"elementor-container elementor-column-gap-default\">\n\t\t\t\t\t<div class=\"elementor-column elementor-col-100 elementor-top-column elementor-element elementor-element-65516ee\" data-id=\"65516ee\" data-element_type=\"column\">\n\t\t\t<div class=\"elementor-widget-wrap elementor-element-populated\">\n\t\t\t\t\t\t<div class=\"elementor-element elementor-element-51a85dd elementor-widget elementor-widget-spacer\" data-id=\"51a85dd\" data-element_type=\"widget\" data-widget_type=\"spacer.default\">\n\t\t\t\t<div class=\"elementor-widget-container\">\n\t\t\t\t\t\t\t<div class=\"elementor-spacer\">\n\t\t\t<div class=\"elementor-spacer-inner\"><\/div>\n\t\t<\/div>\n\t\t\t\t\t\t<\/div>\n\t\t\t\t<\/div>\n\t\t\t\t\t<\/div>\n\t\t<\/div>\n\t\t\t\t\t<\/div>\n\t\t<\/section>\n\t\t\t\t<\/div>\n\t\t","protected":false},"excerpt":{"rendered":"<p>Danse, th\u00e9\u00e2tre d&rsquo;objets Version originale : 55 min, \u00e0 partir de 4 ans \u00c9coles, coll\u00e8ges, MJC, centres sociaux et culturels, [&hellip;]<\/p>\n","protected":false},"author":1,"featured_media":0,"parent":0,"menu_order":0,"comment_status":"closed","ping_status":"closed","template":"","meta":{"om_disable_all_campaigns":false,"_monsterinsights_skip_tracking":false,"_monsterinsights_sitenote_active":false,"_monsterinsights_sitenote_note":"","_monsterinsights_sitenote_category":0,"site-sidebar-layout":"no-sidebar","site-content-layout":"","ast-site-content-layout":"full-width-container","site-content-style":"default","site-sidebar-style":"default","ast-global-header-display":"","ast-banner-title-visibility":"","ast-main-header-display":"","ast-hfb-above-header-display":"","ast-hfb-below-header-display":"","ast-hfb-mobile-header-display":"","site-post-title":"disabled","ast-breadcrumbs-content":"","ast-featured-img":"disabled","footer-sml-layout":"","theme-transparent-header-meta":"","adv-header-id-meta":"","stick-header-meta":"","header-above-stick-meta":"","header-main-stick-meta":"","header-below-stick-meta":"","astra-migrate-meta-layouts":"default","ast-page-background-enabled":"default","ast-page-background-meta":{"desktop":{"background-color":"var(--ast-global-color-5)","background-image":"","background-repeat":"repeat","background-position":"center center","background-size":"auto","background-attachment":"scroll","background-type":"","background-media":"","overlay-type":"","overlay-color":"","overlay-opacity":"","overlay-gradient":""},"tablet":{"background-color":"","background-image":"","background-repeat":"repeat","background-position":"center center","background-size":"auto","background-attachment":"scroll","background-type":"","background-media":"","overlay-type":"","overlay-color":"","overlay-opacity":"","overlay-gradient":""},"mobile":{"background-color":"","background-image":"","background-repeat":"repeat","background-position":"center center","background-size":"auto","background-attachment":"scroll","background-type":"","background-media":"","overlay-type":"","overlay-color":"","overlay-opacity":"","overlay-gradient":""}},"ast-content-background-meta":{"desktop":{"background-color":"var(--ast-global-color-4)","background-image":"","background-repeat":"repeat","background-position":"center center","background-size":"auto","background-attachment":"scroll","background-type":"","background-media":"","overlay-type":"","overlay-color":"","overlay-opacity":"","overlay-gradient":""},"tablet":{"background-color":"var(--ast-global-color-4)","background-image":"","background-repeat":"repeat","background-position":"center center","background-size":"auto","background-attachment":"scroll","background-type":"","background-media":"","overlay-type":"","overlay-color":"","overlay-opacity":"","overlay-gradient":""},"mobile":{"background-color":"var(--ast-global-color-4)","background-image":"","background-repeat":"repeat","background-position":"center center","background-size":"auto","background-attachment":"scroll","background-type":"","background-media":"","overlay-type":"","overlay-color":"","overlay-opacity":"","overlay-gradient":""}},"footnotes":""},"class_list":["post-939","page","type-page","status-publish","hentry"],"aioseo_notices":[],"_links":{"self":[{"href":"https:\/\/lesnuageux.org\/index.php\/wp-json\/wp\/v2\/pages\/939"}],"collection":[{"href":"https:\/\/lesnuageux.org\/index.php\/wp-json\/wp\/v2\/pages"}],"about":[{"href":"https:\/\/lesnuageux.org\/index.php\/wp-json\/wp\/v2\/types\/page"}],"author":[{"embeddable":true,"href":"https:\/\/lesnuageux.org\/index.php\/wp-json\/wp\/v2\/users\/1"}],"replies":[{"embeddable":true,"href":"https:\/\/lesnuageux.org\/index.php\/wp-json\/wp\/v2\/comments?post=939"}],"version-history":[{"count":47,"href":"https:\/\/lesnuageux.org\/index.php\/wp-json\/wp\/v2\/pages\/939\/revisions"}],"predecessor-version":[{"id":1712,"href":"https:\/\/lesnuageux.org\/index.php\/wp-json\/wp\/v2\/pages\/939\/revisions\/1712"}],"wp:attachment":[{"href":"https:\/\/lesnuageux.org\/index.php\/wp-json\/wp\/v2\/media?parent=939"}],"curies":[{"name":"wp","href":"https:\/\/api.w.org\/{rel}","templated":true}]}}